{"id":10326,"date":"2025-07-07T12:22:36","date_gmt":"2025-07-07T11:22:36","guid":{"rendered":"https:\/\/vammencamping.dk\/wanderrouten\/"},"modified":"2025-07-15T15:32:19","modified_gmt":"2025-07-15T14:32:19","slug":"wanderrouten","status":"publish","type":"page","link":"https:\/\/vammencamping.dk\/de\/wanderrouten\/","title":{"rendered":"Wanderrouten"},"content":{"rendered":"\n<p><strong>Nimm eine der sch\u00f6nen Wanderrouten in und um Vammen und entdecke sowohl die j\u00fcngere Geschichte als auch alte Monumente aus der Steinzeit.<\/strong><\/p>\n\n\n\n<div class=\"wp-block-columns is-layout-flex wp-container-core-columns-is-layout-9d6595d7 wp-block-columns-is-layout-flex\">\n<div class=\"wp-block-column is-vertically-aligned-center is-layout-flow wp-block-column-is-layout-flow\" style=\"flex-basis:45px\"><div class=\"wp-block-image\">\n<figure class=\"alignleft size-large is-resized\"><img loading=\"lazy\" decoding=\"async\" width=\"1200\" height=\"1733\" src=\"https:\/\/vammencamping.dk\/wp-content\/uploads\/2025\/07\/hiking_man-1200x1733.png\" alt=\"\" class=\"wp-image-9765\" style=\"width:45px\" srcset=\"https:\/\/vammencamping.dk\/wp-content\/uploads\/2025\/07\/hiking_man-1200x1733.png 1200w, https:\/\/vammencamping.dk\/wp-content\/uploads\/2025\/07\/hiking_man-744x1074.png 744w, https:\/\/vammencamping.dk\/wp-content\/uploads\/2025\/07\/hiking_man-420x606.png 420w, https:\/\/vammencamping.dk\/wp-content\/uploads\/2025\/07\/hiking_man-768x1109.png 768w, https:\/\/vammencamping.dk\/wp-content\/uploads\/2025\/07\/hiking_man.png 117w\" sizes=\"auto, (max-width: 1200px) 100vw, 1200px\" \/><\/figure>\n<\/div><\/div>\n\n\n\n<div class=\"wp-block-column is-vertically-aligned-center is-layout-flow wp-block-column-is-layout-flow\" style=\"flex-basis:45px\">\n<figure class=\"wp-block-image size-large is-resized\"><a href=\"https:\/\/vammencamping.dk\/de\/wanderroute-1-erholungsgebiet\/\"><img loading=\"lazy\" decoding=\"async\" width=\"1200\" height=\"1200\" src=\"https:\/\/vammencamping.dk\/wp-content\/uploads\/2025\/07\/hiking_1-1200x1200.png\" alt=\"\" class=\"wp-image-9832\" style=\"width:45px\" srcset=\"https:\/\/vammencamping.dk\/wp-content\/uploads\/2025\/07\/hiking_1-1200x1200.png 1200w, https:\/\/vammencamping.dk\/wp-content\/uploads\/2025\/07\/hiking_1-744x744.png 744w, https:\/\/vammencamping.dk\/wp-content\/uploads\/2025\/07\/hiking_1-420x420.png 420w, https:\/\/vammencamping.dk\/wp-content\/uploads\/2025\/07\/hiking_1-768x768.png 768w, https:\/\/vammencamping.dk\/wp-content\/uploads\/2025\/07\/hiking_1-1536x1536.png 1536w, https:\/\/vammencamping.dk\/wp-content\/uploads\/2025\/07\/hiking_1-2048x2048.png 2048w, https:\/\/vammencamping.dk\/wp-content\/uploads\/2025\/07\/hiking_1.png 142w\" sizes=\"auto, (max-width: 1200px) 100vw, 1200px\" \/><\/a><\/figure>\n<\/div>\n\n\n\n<div class=\"wp-block-column is-layout-flow wp-block-column-is-layout-flow\" style=\"flex-basis:200px\">\n<figure class=\"wp-block-image size-large is-resized\"><a href=\"https:\/\/vammencamping.dk\/de\/wanderroute-1-erholungsgebiet\/\"><img loading=\"lazy\" decoding=\"async\" width=\"1200\" height=\"1200\" src=\"https:\/\/vammencamping.dk\/wp-content\/uploads\/2025\/07\/hiking_1_icon-2-1200x1200.png\" alt=\"\" class=\"wp-image-10126\" style=\"width:200px\" srcset=\"https:\/\/vammencamping.dk\/wp-content\/uploads\/2025\/07\/hiking_1_icon-2-1200x1200.png 1200w, https:\/\/vammencamping.dk\/wp-content\/uploads\/2025\/07\/hiking_1_icon-2-744x744.png 744w, https:\/\/vammencamping.dk\/wp-content\/uploads\/2025\/07\/hiking_1_icon-2-420x420.png 420w, https:\/\/vammencamping.dk\/wp-content\/uploads\/2025\/07\/hiking_1_icon-2-768x768.png 768w, https:\/\/vammencamping.dk\/wp-content\/uploads\/2025\/07\/hiking_1_icon-2-1536x1536.png 1536w, https:\/\/vammencamping.dk\/wp-content\/uploads\/2025\/07\/hiking_1_icon-2-2048x2048.png 2048w, https:\/\/vammencamping.dk\/wp-content\/uploads\/2025\/07\/hiking_1_icon-2.png 512w\" sizes=\"auto, (max-width: 1200px) 100vw, 1200px\" \/><\/a><\/figure>\n<\/div>\n\n\n\n<div class=\"wp-block-column is-vertically-aligned-center is-layout-flow wp-block-column-is-layout-flow\" style=\"flex-basis:500px\">\n<h3 class=\"wp-block-heading has-text-align-left\"><strong><a href=\"https:\/\/vammencamping.dk\/de\/wanderroute-1-erholungsgebiet\/\" data-type=\"page\" data-id=\"9377\">Wanderung 1 &#8211; Erholungsgebiet<\/a><\/strong><\/h3>\n\n\n\n<p>Die abwechslungsreiche Route f\u00fchrt durch Vammen und weiter hinaus in die alte Wiesen- und Eiszeitlandschaft, vorbei an der Kirche von Vammen, einer eiszeitlichen Schlucht und der reichen Natur rund um die Skals \u00c5. Unterwegs genie\u00dfen Sie die Aussicht auf den H\u00e6rup Bakker, h\u00f6ren die Nachtigall und besuchen den h\u00f6chsten Punkt der Region, Rish\u00f8j. <\/p>\n\n\n\n<p>L\u00e4nge: <strong>4,1\u2009km<\/strong><\/p>\n<\/div>\n<\/div>\n\n\n\n<div class=\"wp-block-columns is-layout-flex wp-container-core-columns-is-layout-9d6595d7 wp-block-columns-is-layout-flex\">\n<div class=\"wp-block-column is-vertically-aligned-center is-layout-flow wp-block-column-is-layout-flow\" style=\"flex-basis:45px\"><div class=\"wp-block-image\">\n<figure class=\"alignleft size-large is-resized\"><img loading=\"lazy\" decoding=\"async\" width=\"1200\" height=\"1733\" src=\"https:\/\/vammencamping.dk\/wp-content\/uploads\/2025\/07\/hiking_man-1200x1733.png\" alt=\"\" class=\"wp-image-9765\" style=\"width:45px\" srcset=\"https:\/\/vammencamping.dk\/wp-content\/uploads\/2025\/07\/hiking_man-1200x1733.png 1200w, https:\/\/vammencamping.dk\/wp-content\/uploads\/2025\/07\/hiking_man-744x1074.png 744w, https:\/\/vammencamping.dk\/wp-content\/uploads\/2025\/07\/hiking_man-420x606.png 420w, https:\/\/vammencamping.dk\/wp-content\/uploads\/2025\/07\/hiking_man-768x1109.png 768w, https:\/\/vammencamping.dk\/wp-content\/uploads\/2025\/07\/hiking_man.png 117w\" sizes=\"auto, (max-width: 1200px) 100vw, 1200px\" \/><\/figure>\n<\/div><\/div>\n\n\n\n<div class=\"wp-block-column is-vertically-aligned-center is-layout-flow wp-block-column-is-layout-flow\" style=\"flex-basis:45px\">\n<figure class=\"wp-block-image size-large is-resized\"><a href=\"https:\/\/vammencamping.dk\/de\/wanderroute-2-baunehoej-kurz\/\"><img loading=\"lazy\" decoding=\"async\" width=\"1200\" height=\"1200\" src=\"https:\/\/vammencamping.dk\/wp-content\/uploads\/2025\/07\/hiking_2-1200x1200.png\" alt=\"\" class=\"wp-image-9781\" style=\"width:45px\" srcset=\"https:\/\/vammencamping.dk\/wp-content\/uploads\/2025\/07\/hiking_2-1200x1200.png 1200w, https:\/\/vammencamping.dk\/wp-content\/uploads\/2025\/07\/hiking_2-744x744.png 744w, https:\/\/vammencamping.dk\/wp-content\/uploads\/2025\/07\/hiking_2-420x420.png 420w, https:\/\/vammencamping.dk\/wp-content\/uploads\/2025\/07\/hiking_2-768x768.png 768w, https:\/\/vammencamping.dk\/wp-content\/uploads\/2025\/07\/hiking_2-1536x1536.png 1536w, https:\/\/vammencamping.dk\/wp-content\/uploads\/2025\/07\/hiking_2-2048x2048.png 2048w, https:\/\/vammencamping.dk\/wp-content\/uploads\/2025\/07\/hiking_2.png 142w\" sizes=\"auto, (max-width: 1200px) 100vw, 1200px\" \/><\/a><\/figure>\n<\/div>\n\n\n\n<div class=\"wp-block-column is-layout-flow wp-block-column-is-layout-flow\" style=\"flex-basis:200px\">\n<figure class=\"wp-block-image size-large is-resized\"><a href=\"https:\/\/vammencamping.dk\/de\/wanderroute-2-baunehoej-kurz\/\"><img loading=\"lazy\" decoding=\"async\" width=\"1200\" height=\"1200\" src=\"https:\/\/vammencamping.dk\/wp-content\/uploads\/2025\/07\/hiking_2_icon-1-1200x1200.png\" alt=\"\" class=\"wp-image-10130\" style=\"width:200px\" srcset=\"https:\/\/vammencamping.dk\/wp-content\/uploads\/2025\/07\/hiking_2_icon-1-1200x1200.png 1200w, https:\/\/vammencamping.dk\/wp-content\/uploads\/2025\/07\/hiking_2_icon-1-744x744.png 744w, https:\/\/vammencamping.dk\/wp-content\/uploads\/2025\/07\/hiking_2_icon-1-420x420.png 420w, https:\/\/vammencamping.dk\/wp-content\/uploads\/2025\/07\/hiking_2_icon-1-768x768.png 768w, https:\/\/vammencamping.dk\/wp-content\/uploads\/2025\/07\/hiking_2_icon-1-1536x1536.png 1536w, https:\/\/vammencamping.dk\/wp-content\/uploads\/2025\/07\/hiking_2_icon-1-2048x2048.png 2048w, https:\/\/vammencamping.dk\/wp-content\/uploads\/2025\/07\/hiking_2_icon-1.png 512w\" sizes=\"auto, (max-width: 1200px) 100vw, 1200px\" \/><\/a><\/figure>\n<\/div>\n\n\n\n<div class=\"wp-block-column is-vertically-aligned-center is-layout-flow wp-block-column-is-layout-flow\" style=\"flex-basis:500px\">\n<h3 class=\"wp-block-heading\"><a href=\"https:\/\/vammencamping.dk\/de\/wanderroute-2-baunehoej-kurz\/\"><strong>Wanderung 2 &#8211; Bauneh\u00f8j (Kurz)<\/strong><\/a><\/h3>\n\n\n\n<p>Erleben Sie eine sch\u00f6ne Route durch Vammen mit Blick auf die Skals \u00c5s-Wiesen und die eiszeitliche Landschaft. Die Route f\u00fchrt dich durch ein Schmelzwassertal hinauf zu einem markanten H\u00fcgel aus der Bronzezeit &#8211; einem ehemaligen Biberh\u00fcgel an einem einzigartigen Ort. <\/p>\n\n\n\n<p>L\u00e4nge: <strong>7,3\u2009km<\/strong><\/p>\n<\/div>\n<\/div>\n\n\n\n<div class=\"wp-block-columns is-layout-flex wp-container-core-columns-is-layout-9d6595d7 wp-block-columns-is-layout-flex\">\n<div class=\"wp-block-column is-vertically-aligned-center is-layout-flow wp-block-column-is-layout-flow\" style=\"flex-basis:45px\"><div class=\"wp-block-image\">\n<figure class=\"alignleft size-large is-resized\"><img loading=\"lazy\" decoding=\"async\" width=\"1200\" height=\"1733\" src=\"https:\/\/vammencamping.dk\/wp-content\/uploads\/2025\/07\/hiking_man-1200x1733.png\" alt=\"\" class=\"wp-image-9765\" style=\"width:45px\" srcset=\"https:\/\/vammencamping.dk\/wp-content\/uploads\/2025\/07\/hiking_man-1200x1733.png 1200w, https:\/\/vammencamping.dk\/wp-content\/uploads\/2025\/07\/hiking_man-744x1074.png 744w, https:\/\/vammencamping.dk\/wp-content\/uploads\/2025\/07\/hiking_man-420x606.png 420w, https:\/\/vammencamping.dk\/wp-content\/uploads\/2025\/07\/hiking_man-768x1109.png 768w, https:\/\/vammencamping.dk\/wp-content\/uploads\/2025\/07\/hiking_man.png 117w\" sizes=\"auto, (max-width: 1200px) 100vw, 1200px\" \/><\/figure>\n<\/div><\/div>\n\n\n\n<div class=\"wp-block-column is-vertically-aligned-center is-layout-flow wp-block-column-is-layout-flow\" style=\"flex-basis:45px\">\n<figure class=\"wp-block-image size-large is-resized\"><a href=\"https:\/\/vammencamping.dk\/de\/wanderung-3-baunehoej-lang\/\"><img loading=\"lazy\" decoding=\"async\" width=\"1200\" height=\"1200\" src=\"https:\/\/vammencamping.dk\/wp-content\/uploads\/2025\/07\/hiking_3-1200x1200.png\" alt=\"\" class=\"wp-image-9786\" style=\"width:45px\" srcset=\"https:\/\/vammencamping.dk\/wp-content\/uploads\/2025\/07\/hiking_3-1200x1200.png 1200w, https:\/\/vammencamping.dk\/wp-content\/uploads\/2025\/07\/hiking_3-744x744.png 744w, https:\/\/vammencamping.dk\/wp-content\/uploads\/2025\/07\/hiking_3-420x420.png 420w, https:\/\/vammencamping.dk\/wp-content\/uploads\/2025\/07\/hiking_3-768x768.png 768w, https:\/\/vammencamping.dk\/wp-content\/uploads\/2025\/07\/hiking_3-1536x1536.png 1536w, https:\/\/vammencamping.dk\/wp-content\/uploads\/2025\/07\/hiking_3-2048x2048.png 2048w, https:\/\/vammencamping.dk\/wp-content\/uploads\/2025\/07\/hiking_3.png 142w\" sizes=\"auto, (max-width: 1200px) 100vw, 1200px\" \/><\/a><\/figure>\n<\/div>\n\n\n\n<div class=\"wp-block-column is-layout-flow wp-block-column-is-layout-flow\" style=\"flex-basis:200px\">\n<figure class=\"wp-block-image size-large is-resized\"><a href=\"https:\/\/vammencamping.dk\/de\/wanderung-3-baunehoej-lang\/\"><img loading=\"lazy\" decoding=\"async\" width=\"1200\" height=\"1200\" src=\"https:\/\/vammencamping.dk\/wp-content\/uploads\/2025\/07\/hiking_3_icon-1-1200x1200.png\" alt=\"\" class=\"wp-image-10134\" style=\"width:200px\" srcset=\"https:\/\/vammencamping.dk\/wp-content\/uploads\/2025\/07\/hiking_3_icon-1-1200x1200.png 1200w, https:\/\/vammencamping.dk\/wp-content\/uploads\/2025\/07\/hiking_3_icon-1-744x744.png 744w, https:\/\/vammencamping.dk\/wp-content\/uploads\/2025\/07\/hiking_3_icon-1-420x420.png 420w, https:\/\/vammencamping.dk\/wp-content\/uploads\/2025\/07\/hiking_3_icon-1-768x768.png 768w, https:\/\/vammencamping.dk\/wp-content\/uploads\/2025\/07\/hiking_3_icon-1-1536x1536.png 1536w, https:\/\/vammencamping.dk\/wp-content\/uploads\/2025\/07\/hiking_3_icon-1-2048x2048.png 2048w, https:\/\/vammencamping.dk\/wp-content\/uploads\/2025\/07\/hiking_3_icon-1.png 512w\" sizes=\"auto, (max-width: 1200px) 100vw, 1200px\" \/><\/a><\/figure>\n<\/div>\n\n\n\n<div class=\"wp-block-column is-vertically-aligned-center is-layout-flow wp-block-column-is-layout-flow\" style=\"flex-basis:500px\">\n<h3 class=\"wp-block-heading\"><strong><a href=\"https:\/\/vammencamping.dk\/de\/wanderung-3-baunehoej-lang\/\">Wanderung 3 &#8211; Bauneh\u00f8j (lang)<\/a><\/strong><\/h3>\n\n\n\n<p>Eine landschaftlich reizvollen Route durch Vammen, vorbei an der Kirche aus dem 13. Jahrhundert und weiter durch die alte Eiszeitlandschaft mit Wiesen, Schluchten und Ausblicken auf die Skals \u00c5. Die Route f\u00fchrt Sie durch ein Schmelzwassertal zu einem beeindruckenden H\u00fcgel aus der Bronzezeit &#8211; einem ehemaligen Biberh\u00fcgel, der in Friedenszeiten als Signalanlage diente. <\/p>\n\n\n\n<p>L\u00e4nge: <strong>8,1\u2009km<\/strong><\/p>\n<\/div>\n<\/div>\n\n\n\n<div class=\"wp-block-columns is-layout-flex wp-container-core-columns-is-layout-9d6595d7 wp-block-columns-is-layout-flex\">\n<div class=\"wp-block-column is-vertically-aligned-center is-layout-flow wp-block-column-is-layout-flow\" style=\"flex-basis:45px\"><div class=\"wp-block-image\">\n<figure class=\"alignleft size-large is-resized\"><img loading=\"lazy\" decoding=\"async\" width=\"1200\" height=\"1733\" src=\"https:\/\/vammencamping.dk\/wp-content\/uploads\/2025\/07\/hiking_man-1200x1733.png\" alt=\"\" class=\"wp-image-9765\" style=\"width:45px\" srcset=\"https:\/\/vammencamping.dk\/wp-content\/uploads\/2025\/07\/hiking_man-1200x1733.png 1200w, https:\/\/vammencamping.dk\/wp-content\/uploads\/2025\/07\/hiking_man-744x1074.png 744w, https:\/\/vammencamping.dk\/wp-content\/uploads\/2025\/07\/hiking_man-420x606.png 420w, https:\/\/vammencamping.dk\/wp-content\/uploads\/2025\/07\/hiking_man-768x1109.png 768w, https:\/\/vammencamping.dk\/wp-content\/uploads\/2025\/07\/hiking_man.png 117w\" sizes=\"auto, (max-width: 1200px) 100vw, 1200px\" \/><\/figure>\n<\/div><\/div>\n\n\n\n<div class=\"wp-block-column is-vertically-aligned-center is-layout-flow wp-block-column-is-layout-flow\" style=\"flex-basis:45px\">\n<figure class=\"wp-block-image size-large is-resized\"><a href=\"https:\/\/vammencamping.dk\/de\/wanderung-4-aussicht-richtung-roedsoe\/\"><img loading=\"lazy\" decoding=\"async\" width=\"1200\" height=\"1200\" src=\"https:\/\/vammencamping.dk\/wp-content\/uploads\/2025\/07\/hiking_4-1200x1200.png\" alt=\"\" class=\"wp-image-9790\" style=\"width:45px\" srcset=\"https:\/\/vammencamping.dk\/wp-content\/uploads\/2025\/07\/hiking_4-1200x1200.png 1200w, https:\/\/vammencamping.dk\/wp-content\/uploads\/2025\/07\/hiking_4-744x744.png 744w, https:\/\/vammencamping.dk\/wp-content\/uploads\/2025\/07\/hiking_4-420x420.png 420w, https:\/\/vammencamping.dk\/wp-content\/uploads\/2025\/07\/hiking_4-768x768.png 768w, https:\/\/vammencamping.dk\/wp-content\/uploads\/2025\/07\/hiking_4-1536x1536.png 1536w, https:\/\/vammencamping.dk\/wp-content\/uploads\/2025\/07\/hiking_4-2048x2048.png 2048w, https:\/\/vammencamping.dk\/wp-content\/uploads\/2025\/07\/hiking_4.png 142w\" sizes=\"auto, (max-width: 1200px) 100vw, 1200px\" \/><\/a><\/figure>\n<\/div>\n\n\n\n<div class=\"wp-block-column is-layout-flow wp-block-column-is-layout-flow\" style=\"flex-basis:200px\">\n<figure class=\"wp-block-image size-large is-resized\"><a href=\"https:\/\/vammencamping.dk\/de\/wanderung-4-aussicht-richtung-roedsoe\/\"><img loading=\"lazy\" decoding=\"async\" width=\"1200\" height=\"1200\" src=\"https:\/\/vammencamping.dk\/wp-content\/uploads\/2025\/07\/hiking_4_icon-2-1200x1200.png\" alt=\"\" class=\"wp-image-10138\" style=\"width:200px\" srcset=\"https:\/\/vammencamping.dk\/wp-content\/uploads\/2025\/07\/hiking_4_icon-2-1200x1200.png 1200w, https:\/\/vammencamping.dk\/wp-content\/uploads\/2025\/07\/hiking_4_icon-2-744x744.png 744w, https:\/\/vammencamping.dk\/wp-content\/uploads\/2025\/07\/hiking_4_icon-2-420x420.png 420w, https:\/\/vammencamping.dk\/wp-content\/uploads\/2025\/07\/hiking_4_icon-2-768x768.png 768w, https:\/\/vammencamping.dk\/wp-content\/uploads\/2025\/07\/hiking_4_icon-2-1536x1536.png 1536w, https:\/\/vammencamping.dk\/wp-content\/uploads\/2025\/07\/hiking_4_icon-2-2048x2048.png 2048w, https:\/\/vammencamping.dk\/wp-content\/uploads\/2025\/07\/hiking_4_icon-2.png 512w\" sizes=\"auto, (max-width: 1200px) 100vw, 1200px\" \/><\/a><\/figure>\n<\/div>\n\n\n\n<div class=\"wp-block-column is-vertically-aligned-center is-layout-flow wp-block-column-is-layout-flow\" style=\"flex-basis:500px\">\n<h3 class=\"wp-block-heading\"><strong><a href=\"https:\/\/vammencamping.dk\/de\/wanderung-4-aussicht-richtung-roedsoe\/\">Wanderung 4 &#8211; Aussicht Richtung R\u00f8ds\u00f8<\/a><\/strong><\/h3>\n\n\n\n<p>Fahren Sie auf einer stimmungsvollen Route durch den \u00f6stlichen Rand von Vammen, vorbei an Langs\u00f8 Friskole und einem alten Denkmal aus der Steinzeit mit Blick auf den bewachsenen R\u00f8ds\u00f8. Die Route folgt lila-schwarzen Markierungen durch die offene Landschaft in Richtung S\u00f8dal Forest und zur\u00fcck \u00fcber kleine Stra\u00dfen, bei denen Natur, Geschichte und neue Klimainitiativen im Mittelpunkt stehen. <\/p>\n\n\n\n<p>L\u00e4nge: <strong><strong>8,6\u2009km<\/strong><\/strong><\/p>\n<\/div>\n<\/div>\n\n\n\n<div class=\"wp-block-columns is-layout-flex wp-container-core-columns-is-layout-9d6595d7 wp-block-columns-is-layout-flex\">\n<div class=\"wp-block-column is-vertically-aligned-center is-layout-flow wp-block-column-is-layout-flow\" style=\"flex-basis:45px\"><div class=\"wp-block-image\">\n<figure class=\"alignleft size-large is-resized\"><img loading=\"lazy\" decoding=\"async\" width=\"1200\" height=\"1733\" src=\"https:\/\/vammencamping.dk\/wp-content\/uploads\/2025\/07\/hiking_man-1200x1733.png\" alt=\"\" class=\"wp-image-9765\" style=\"width:45px\" srcset=\"https:\/\/vammencamping.dk\/wp-content\/uploads\/2025\/07\/hiking_man-1200x1733.png 1200w, https:\/\/vammencamping.dk\/wp-content\/uploads\/2025\/07\/hiking_man-744x1074.png 744w, https:\/\/vammencamping.dk\/wp-content\/uploads\/2025\/07\/hiking_man-420x606.png 420w, https:\/\/vammencamping.dk\/wp-content\/uploads\/2025\/07\/hiking_man-768x1109.png 768w, https:\/\/vammencamping.dk\/wp-content\/uploads\/2025\/07\/hiking_man.png 117w\" sizes=\"auto, (max-width: 1200px) 100vw, 1200px\" \/><\/figure>\n<\/div><\/div>\n\n\n\n<div class=\"wp-block-column is-vertically-aligned-center is-layout-flow wp-block-column-is-layout-flow\" style=\"flex-basis:45px\">\n<figure class=\"wp-block-image size-large is-resized\"><a href=\"https:\/\/vammencamping.dk\/de\/wanderung-5-soedal-wald\/\"><img loading=\"lazy\" decoding=\"async\" width=\"1200\" height=\"1200\" src=\"https:\/\/vammencamping.dk\/wp-content\/uploads\/2025\/07\/hiking_5-1200x1200.png\" alt=\"\" class=\"wp-image-9794\" style=\"width:45px\" srcset=\"https:\/\/vammencamping.dk\/wp-content\/uploads\/2025\/07\/hiking_5-1200x1200.png 1200w, https:\/\/vammencamping.dk\/wp-content\/uploads\/2025\/07\/hiking_5-744x744.png 744w, https:\/\/vammencamping.dk\/wp-content\/uploads\/2025\/07\/hiking_5-420x420.png 420w, https:\/\/vammencamping.dk\/wp-content\/uploads\/2025\/07\/hiking_5-768x768.png 768w, https:\/\/vammencamping.dk\/wp-content\/uploads\/2025\/07\/hiking_5-1536x1536.png 1536w, https:\/\/vammencamping.dk\/wp-content\/uploads\/2025\/07\/hiking_5-2048x2048.png 2048w, https:\/\/vammencamping.dk\/wp-content\/uploads\/2025\/07\/hiking_5.png 142w\" sizes=\"auto, (max-width: 1200px) 100vw, 1200px\" \/><\/a><\/figure>\n<\/div>\n\n\n\n<div class=\"wp-block-column is-layout-flow wp-block-column-is-layout-flow\" style=\"flex-basis:200px\">\n<figure class=\"wp-block-image size-large is-resized\"><a href=\"https:\/\/vammencamping.dk\/de\/wanderung-5-soedal-wald\/\"><img loading=\"lazy\" decoding=\"async\" width=\"1200\" height=\"1200\" src=\"https:\/\/vammencamping.dk\/wp-content\/uploads\/2025\/07\/hiking_5_icon-2-1200x1200.png\" alt=\"\" class=\"wp-image-10142\" style=\"width:200px\" srcset=\"https:\/\/vammencamping.dk\/wp-content\/uploads\/2025\/07\/hiking_5_icon-2-1200x1200.png 1200w, https:\/\/vammencamping.dk\/wp-content\/uploads\/2025\/07\/hiking_5_icon-2-744x744.png 744w, https:\/\/vammencamping.dk\/wp-content\/uploads\/2025\/07\/hiking_5_icon-2-420x420.png 420w, https:\/\/vammencamping.dk\/wp-content\/uploads\/2025\/07\/hiking_5_icon-2-768x768.png 768w, https:\/\/vammencamping.dk\/wp-content\/uploads\/2025\/07\/hiking_5_icon-2-1536x1536.png 1536w, https:\/\/vammencamping.dk\/wp-content\/uploads\/2025\/07\/hiking_5_icon-2-2048x2048.png 2048w, https:\/\/vammencamping.dk\/wp-content\/uploads\/2025\/07\/hiking_5_icon-2.png 512w\" sizes=\"auto, (max-width: 1200px) 100vw, 1200px\" \/><\/a><\/figure>\n<\/div>\n\n\n\n<div class=\"wp-block-column is-vertically-aligned-center is-layout-flow wp-block-column-is-layout-flow\" style=\"flex-basis:500px\">\n<h3 class=\"wp-block-heading\"><strong><a href=\"https:\/\/vammencamping.dk\/de\/wanderung-5-soedal-wald\/\">Wanderung 5 &#8211; S\u00f8dal Wald<\/a><\/strong><\/h3>\n\n\n\n<p>Erkunden die Landschaft um R\u00f8ds\u00f8 und in den S\u00f8dalwald, wo sich zwischen See, Wald und alten S\u00e4gewerksgeschichten Spuren aus der Steinzeit verbergen. Eine Route voller Aussichten, alter Denkm\u00e4ler und M\u00f6glichkeiten f\u00fcr Ruhe und Kontemplation in der Natur. <\/p>\n\n\n\n<p>L\u00e4nge: <strong>6,9\u2009km<\/strong><\/p>\n<\/div>\n<\/div>\n\n\n\n<div class=\"wp-block-columns is-layout-flex wp-container-core-columns-is-layout-9d6595d7 wp-block-columns-is-layout-flex\">\n<div class=\"wp-block-column is-vertically-aligned-center is-layout-flow wp-block-column-is-layout-flow\" style=\"flex-basis:45px\"><div class=\"wp-block-image\">\n<figure class=\"alignleft size-large is-resized\"><img loading=\"lazy\" decoding=\"async\" width=\"1200\" height=\"1733\" src=\"https:\/\/vammencamping.dk\/wp-content\/uploads\/2025\/07\/hiking_man-1200x1733.png\" alt=\"\" class=\"wp-image-9765\" style=\"width:45px\" srcset=\"https:\/\/vammencamping.dk\/wp-content\/uploads\/2025\/07\/hiking_man-1200x1733.png 1200w, https:\/\/vammencamping.dk\/wp-content\/uploads\/2025\/07\/hiking_man-744x1074.png 744w, https:\/\/vammencamping.dk\/wp-content\/uploads\/2025\/07\/hiking_man-420x606.png 420w, https:\/\/vammencamping.dk\/wp-content\/uploads\/2025\/07\/hiking_man-768x1109.png 768w, https:\/\/vammencamping.dk\/wp-content\/uploads\/2025\/07\/hiking_man.png 117w\" sizes=\"auto, (max-width: 1200px) 100vw, 1200px\" \/><\/figure>\n<\/div><\/div>\n\n\n\n<div class=\"wp-block-column is-vertically-aligned-center is-layout-flow wp-block-column-is-layout-flow\" style=\"flex-basis:45px\">\n<figure class=\"wp-block-image size-large is-resized\"><a href=\"https:\/\/vammencamping.dk\/de\/wanderung-6-oester-kaervej-kurz\/\"><img loading=\"lazy\" decoding=\"async\" width=\"1200\" height=\"1200\" src=\"https:\/\/vammencamping.dk\/wp-content\/uploads\/2025\/07\/hiking_6-1200x1200.png\" alt=\"\" class=\"wp-image-9798\" style=\"width:45px\" srcset=\"https:\/\/vammencamping.dk\/wp-content\/uploads\/2025\/07\/hiking_6-1200x1200.png 1200w, https:\/\/vammencamping.dk\/wp-content\/uploads\/2025\/07\/hiking_6-744x744.png 744w, https:\/\/vammencamping.dk\/wp-content\/uploads\/2025\/07\/hiking_6-420x420.png 420w, https:\/\/vammencamping.dk\/wp-content\/uploads\/2025\/07\/hiking_6-768x768.png 768w, https:\/\/vammencamping.dk\/wp-content\/uploads\/2025\/07\/hiking_6-1536x1536.png 1536w, https:\/\/vammencamping.dk\/wp-content\/uploads\/2025\/07\/hiking_6-2048x2048.png 2048w, https:\/\/vammencamping.dk\/wp-content\/uploads\/2025\/07\/hiking_6.png 142w\" sizes=\"auto, (max-width: 1200px) 100vw, 1200px\" \/><\/a><\/figure>\n<\/div>\n\n\n\n<div class=\"wp-block-column is-layout-flow wp-block-column-is-layout-flow\" style=\"flex-basis:200px\">\n<figure class=\"wp-block-image size-large is-resized\"><a href=\"https:\/\/vammencamping.dk\/de\/wanderung-6-oester-kaervej-kurz\/\"><img loading=\"lazy\" decoding=\"async\" width=\"1200\" height=\"1200\" src=\"https:\/\/vammencamping.dk\/wp-content\/uploads\/2025\/07\/hiking_6_icon-2-1200x1200.png\" alt=\"\" class=\"wp-image-10146\" style=\"width:200px\" srcset=\"https:\/\/vammencamping.dk\/wp-content\/uploads\/2025\/07\/hiking_6_icon-2-1200x1200.png 1200w, https:\/\/vammencamping.dk\/wp-content\/uploads\/2025\/07\/hiking_6_icon-2-744x744.png 744w, https:\/\/vammencamping.dk\/wp-content\/uploads\/2025\/07\/hiking_6_icon-2-420x420.png 420w, https:\/\/vammencamping.dk\/wp-content\/uploads\/2025\/07\/hiking_6_icon-2-768x768.png 768w, https:\/\/vammencamping.dk\/wp-content\/uploads\/2025\/07\/hiking_6_icon-2-1536x1536.png 1536w, https:\/\/vammencamping.dk\/wp-content\/uploads\/2025\/07\/hiking_6_icon-2-2048x2048.png 2048w, https:\/\/vammencamping.dk\/wp-content\/uploads\/2025\/07\/hiking_6_icon-2.png 512w\" sizes=\"auto, (max-width: 1200px) 100vw, 1200px\" \/><\/a><\/figure>\n<\/div>\n\n\n\n<div class=\"wp-block-column is-vertically-aligned-center is-layout-flow wp-block-column-is-layout-flow\" style=\"flex-basis:500px\">\n<h3 class=\"wp-block-heading\"><strong><a href=\"https:\/\/vammencamping.dk\/de\/wanderung-6-oester-kaervej-kurz\/\">Wanderung 6 &#8211; \u00d8ster K\u00e6rvej (kurz)<\/a><\/strong><\/h3>\n\n\n\n<p>Nimm eine abwechslungsreiche Route durch Vammen und weiter hinaus in die alte Wiesen- und Eiszeitlandschaft, vorbei an der Vammen-Kirche, einer Eiszeitschlucht und der reichen Natur um die Skals \u00c5. Unterwegs genie\u00dft du die Aussicht auf den H\u00e6rup Bakker, h\u00f6rst die Nachtigall und besuchst den h\u00f6chsten Punkt der Region, Rish\u00f8j. <\/p>\n\n\n\n<p>L\u00e4nge: <strong>8,0\u2009km<\/strong><\/p>\n<\/div>\n<\/div>\n\n\n\n<div class=\"wp-block-columns is-layout-flex wp-container-core-columns-is-layout-9d6595d7 wp-block-columns-is-layout-flex\">\n<div class=\"wp-block-column is-vertically-aligned-center is-layout-flow wp-block-column-is-layout-flow\" style=\"flex-basis:45px\"><div class=\"wp-block-image\">\n<figure class=\"alignleft size-large is-resized\"><img loading=\"lazy\" decoding=\"async\" width=\"1200\" height=\"1733\" src=\"https:\/\/vammencamping.dk\/wp-content\/uploads\/2025\/07\/hiking_man-1200x1733.png\" alt=\"\" class=\"wp-image-9765\" style=\"width:45px\" srcset=\"https:\/\/vammencamping.dk\/wp-content\/uploads\/2025\/07\/hiking_man-1200x1733.png 1200w, https:\/\/vammencamping.dk\/wp-content\/uploads\/2025\/07\/hiking_man-744x1074.png 744w, https:\/\/vammencamping.dk\/wp-content\/uploads\/2025\/07\/hiking_man-420x606.png 420w, https:\/\/vammencamping.dk\/wp-content\/uploads\/2025\/07\/hiking_man-768x1109.png 768w, https:\/\/vammencamping.dk\/wp-content\/uploads\/2025\/07\/hiking_man.png 117w\" sizes=\"auto, (max-width: 1200px) 100vw, 1200px\" \/><\/figure>\n<\/div><\/div>\n\n\n\n<div class=\"wp-block-column is-vertically-aligned-center is-layout-flow wp-block-column-is-layout-flow\" style=\"flex-basis:45px\">\n<figure class=\"wp-block-image size-large is-resized\"><a href=\"https:\/\/vammencamping.dk\/de\/wanderung-7-oester-kaervej-lang\/\"><img loading=\"lazy\" decoding=\"async\" width=\"1200\" height=\"1200\" src=\"https:\/\/vammencamping.dk\/wp-content\/uploads\/2025\/07\/hiking_7-1200x1200.png\" alt=\"\" class=\"wp-image-9802\" style=\"width:45px\" srcset=\"https:\/\/vammencamping.dk\/wp-content\/uploads\/2025\/07\/hiking_7-1200x1200.png 1200w, https:\/\/vammencamping.dk\/wp-content\/uploads\/2025\/07\/hiking_7-744x744.png 744w, https:\/\/vammencamping.dk\/wp-content\/uploads\/2025\/07\/hiking_7-420x420.png 420w, https:\/\/vammencamping.dk\/wp-content\/uploads\/2025\/07\/hiking_7-768x768.png 768w, https:\/\/vammencamping.dk\/wp-content\/uploads\/2025\/07\/hiking_7-1536x1536.png 1536w, https:\/\/vammencamping.dk\/wp-content\/uploads\/2025\/07\/hiking_7-2048x2048.png 2048w, https:\/\/vammencamping.dk\/wp-content\/uploads\/2025\/07\/hiking_7.png 142w\" sizes=\"auto, (max-width: 1200px) 100vw, 1200px\" \/><\/a><\/figure>\n<\/div>\n\n\n\n<div class=\"wp-block-column is-layout-flow wp-block-column-is-layout-flow\" style=\"flex-basis:200px\">\n<figure class=\"wp-block-image size-large is-resized\"><a href=\"https:\/\/vammencamping.dk\/de\/wanderung-7-oester-kaervej-lang\/\"><img loading=\"lazy\" decoding=\"async\" width=\"1200\" height=\"1200\" src=\"https:\/\/vammencamping.dk\/wp-content\/uploads\/2025\/07\/hiking_7_icon-2-1200x1200.png\" alt=\"\" class=\"wp-image-10150\" style=\"width:200px\" srcset=\"https:\/\/vammencamping.dk\/wp-content\/uploads\/2025\/07\/hiking_7_icon-2-1200x1200.png 1200w, https:\/\/vammencamping.dk\/wp-content\/uploads\/2025\/07\/hiking_7_icon-2-744x744.png 744w, https:\/\/vammencamping.dk\/wp-content\/uploads\/2025\/07\/hiking_7_icon-2-420x420.png 420w, https:\/\/vammencamping.dk\/wp-content\/uploads\/2025\/07\/hiking_7_icon-2-768x768.png 768w, https:\/\/vammencamping.dk\/wp-content\/uploads\/2025\/07\/hiking_7_icon-2-1536x1536.png 1536w, https:\/\/vammencamping.dk\/wp-content\/uploads\/2025\/07\/hiking_7_icon-2-2048x2048.png 2048w, https:\/\/vammencamping.dk\/wp-content\/uploads\/2025\/07\/hiking_7_icon-2.png 512w\" sizes=\"auto, (max-width: 1200px) 100vw, 1200px\" \/><\/a><\/figure>\n<\/div>\n\n\n\n<div class=\"wp-block-column is-vertically-aligned-center is-layout-flow wp-block-column-is-layout-flow\" style=\"flex-basis:500px\">\n<h3 class=\"wp-block-heading\"><strong><a href=\"https:\/\/vammencamping.dk\/de\/wanderung-7-oester-kaervej-lang\/\">Wanderung 7 &#8211; \u00d8ster K\u00e6rvej (lang)<\/a><\/strong><\/h3>\n\n\n\n<p>Die Wanderung f\u00fchrt Sie durch Vammen und hinaus in die alten Wiesen, wo Sie eine eiszeitliche Schlucht, eine reiche Vogelwelt und Ausblicke auf die gesch\u00fctzten H\u00e6rup-Berge erleben. Folgen Sie der blauen Route durch Wald und Moor, bis Sie auf kleinen, stimmungsvollen Stra\u00dfen in die Stadt zur\u00fcckkehren. <\/p>\n\n\n\n<p>L\u00e4nge: <strong>10,2\u2009km<\/strong><\/p>\n<\/div>\n<\/div>\n\n\n\n<div class=\"wp-block-columns is-layout-flex wp-container-core-columns-is-layout-9d6595d7 wp-block-columns-is-layout-flex\">\n<div class=\"wp-block-column is-vertically-aligned-center is-layout-flow wp-block-column-is-layout-flow\" style=\"flex-basis:45px\"><div class=\"wp-block-image\">\n<figure class=\"alignleft size-large is-resized\"><img loading=\"lazy\" decoding=\"async\" width=\"1200\" height=\"1733\" src=\"https:\/\/vammencamping.dk\/wp-content\/uploads\/2025\/07\/hiking_man-1200x1733.png\" alt=\"\" class=\"wp-image-9765\" style=\"width:45px\" srcset=\"https:\/\/vammencamping.dk\/wp-content\/uploads\/2025\/07\/hiking_man-1200x1733.png 1200w, https:\/\/vammencamping.dk\/wp-content\/uploads\/2025\/07\/hiking_man-744x1074.png 744w, https:\/\/vammencamping.dk\/wp-content\/uploads\/2025\/07\/hiking_man-420x606.png 420w, https:\/\/vammencamping.dk\/wp-content\/uploads\/2025\/07\/hiking_man-768x1109.png 768w, https:\/\/vammencamping.dk\/wp-content\/uploads\/2025\/07\/hiking_man.png 117w\" sizes=\"auto, (max-width: 1200px) 100vw, 1200px\" \/><\/figure>\n<\/div><\/div>\n\n\n\n<div class=\"wp-block-column is-vertically-aligned-center is-layout-flow wp-block-column-is-layout-flow\" style=\"flex-basis:45px\">\n<figure class=\"wp-block-image size-large is-resized\"><a href=\"https:\/\/vammencamping.dk\/de\/wanderung-8-fastruplund-wald\/\"><img loading=\"lazy\" decoding=\"async\" width=\"1200\" height=\"1200\" src=\"https:\/\/vammencamping.dk\/wp-content\/uploads\/2025\/07\/hiking_8-1200x1200.png\" alt=\"\" class=\"wp-image-9806\" style=\"width:45px\" srcset=\"https:\/\/vammencamping.dk\/wp-content\/uploads\/2025\/07\/hiking_8-1200x1200.png 1200w, https:\/\/vammencamping.dk\/wp-content\/uploads\/2025\/07\/hiking_8-744x744.png 744w, https:\/\/vammencamping.dk\/wp-content\/uploads\/2025\/07\/hiking_8-420x420.png 420w, https:\/\/vammencamping.dk\/wp-content\/uploads\/2025\/07\/hiking_8-768x768.png 768w, https:\/\/vammencamping.dk\/wp-content\/uploads\/2025\/07\/hiking_8-1536x1536.png 1536w, https:\/\/vammencamping.dk\/wp-content\/uploads\/2025\/07\/hiking_8-2048x2048.png 2048w, https:\/\/vammencamping.dk\/wp-content\/uploads\/2025\/07\/hiking_8.png 142w\" sizes=\"auto, (max-width: 1200px) 100vw, 1200px\" \/><\/a><\/figure>\n<\/div>\n\n\n\n<div class=\"wp-block-column is-layout-flow wp-block-column-is-layout-flow\" style=\"flex-basis:200px\">\n<figure class=\"wp-block-image size-large is-resized\"><a href=\"https:\/\/vammencamping.dk\/de\/wanderung-8-fastruplund-wald\/\"><img loading=\"lazy\" decoding=\"async\" width=\"1200\" height=\"1200\" src=\"https:\/\/vammencamping.dk\/wp-content\/uploads\/2025\/07\/hiking_8_icon-2-1200x1200.png\" alt=\"\" class=\"wp-image-10154\" style=\"width:200px\" srcset=\"https:\/\/vammencamping.dk\/wp-content\/uploads\/2025\/07\/hiking_8_icon-2-1200x1200.png 1200w, https:\/\/vammencamping.dk\/wp-content\/uploads\/2025\/07\/hiking_8_icon-2-744x744.png 744w, https:\/\/vammencamping.dk\/wp-content\/uploads\/2025\/07\/hiking_8_icon-2-420x420.png 420w, https:\/\/vammencamping.dk\/wp-content\/uploads\/2025\/07\/hiking_8_icon-2-768x768.png 768w, https:\/\/vammencamping.dk\/wp-content\/uploads\/2025\/07\/hiking_8_icon-2-1536x1536.png 1536w, https:\/\/vammencamping.dk\/wp-content\/uploads\/2025\/07\/hiking_8_icon-2-2048x2048.png 2048w, https:\/\/vammencamping.dk\/wp-content\/uploads\/2025\/07\/hiking_8_icon-2.png 512w\" sizes=\"auto, (max-width: 1200px) 100vw, 1200px\" \/><\/a><\/figure>\n<\/div>\n\n\n\n<div class=\"wp-block-column is-vertically-aligned-center is-layout-flow wp-block-column-is-layout-flow\" style=\"flex-basis:500px\">\n<h3 class=\"wp-block-heading\"><strong><a href=\"https:\/\/vammencamping.dk\/de\/wanderung-8-fastruplund-wald\/\">Wanderung 8 &#8211; Fastruplund Wald<\/a><\/strong><\/h3>\n\n\n\n<p>Mach eine Wanderung durch das historische Vammen und hinaus in die offene Landschaft mit Wiesen, W\u00e4ldern und Ausblicken auf heidebewachsene H\u00fcgel. Unterwegs passieren Sie eiszeitliche Schluchten, vogelreiche Wiesen, einen friedlichen Wald &#8211; und erreichen den h\u00f6chsten Punkt der Gegend, Rish\u00f8j. <\/p>\n\n\n\n<p>L\u00e4nge: <strong>12,8\u2009km<\/strong><\/p>\n<\/div>\n<\/div>\n\n\n\n<div class=\"wp-block-columns is-layout-flex wp-container-core-columns-is-layout-9d6595d7 wp-block-columns-is-layout-flex\">\n<div class=\"wp-block-column is-vertically-aligned-center is-layout-flow wp-block-column-is-layout-flow\" style=\"flex-basis:45px\"><div class=\"wp-block-image\">\n<figure class=\"alignleft size-large is-resized\"><img loading=\"lazy\" decoding=\"async\" width=\"1200\" height=\"1733\" src=\"https:\/\/vammencamping.dk\/wp-content\/uploads\/2025\/07\/hiking_man-1200x1733.png\" alt=\"\" class=\"wp-image-9765\" style=\"width:45px\" srcset=\"https:\/\/vammencamping.dk\/wp-content\/uploads\/2025\/07\/hiking_man-1200x1733.png 1200w, https:\/\/vammencamping.dk\/wp-content\/uploads\/2025\/07\/hiking_man-744x1074.png 744w, https:\/\/vammencamping.dk\/wp-content\/uploads\/2025\/07\/hiking_man-420x606.png 420w, https:\/\/vammencamping.dk\/wp-content\/uploads\/2025\/07\/hiking_man-768x1109.png 768w, https:\/\/vammencamping.dk\/wp-content\/uploads\/2025\/07\/hiking_man.png 117w\" sizes=\"auto, (max-width: 1200px) 100vw, 1200px\" \/><\/figure>\n<\/div><\/div>\n\n\n\n<div class=\"wp-block-column is-vertically-aligned-center is-layout-flow wp-block-column-is-layout-flow\" style=\"flex-basis:45px\">\n<figure class=\"wp-block-image size-large is-resized\"><a href=\"https:\/\/vammencamping.dk\/de\/wanderung-9-fastrup-karte\/\"><img loading=\"lazy\" decoding=\"async\" width=\"1200\" height=\"1200\" src=\"https:\/\/vammencamping.dk\/wp-content\/uploads\/2025\/07\/hiking_9-1200x1200.png\" alt=\"\" class=\"wp-image-9810\" style=\"width:45px\" srcset=\"https:\/\/vammencamping.dk\/wp-content\/uploads\/2025\/07\/hiking_9-1200x1200.png 1200w, https:\/\/vammencamping.dk\/wp-content\/uploads\/2025\/07\/hiking_9-744x744.png 744w, https:\/\/vammencamping.dk\/wp-content\/uploads\/2025\/07\/hiking_9-420x420.png 420w, https:\/\/vammencamping.dk\/wp-content\/uploads\/2025\/07\/hiking_9-768x768.png 768w, https:\/\/vammencamping.dk\/wp-content\/uploads\/2025\/07\/hiking_9-1536x1536.png 1536w, https:\/\/vammencamping.dk\/wp-content\/uploads\/2025\/07\/hiking_9-2048x2048.png 2048w, https:\/\/vammencamping.dk\/wp-content\/uploads\/2025\/07\/hiking_9.png 142w\" sizes=\"auto, (max-width: 1200px) 100vw, 1200px\" \/><\/a><\/figure>\n<\/div>\n\n\n\n<div class=\"wp-block-column is-layout-flow wp-block-column-is-layout-flow\" style=\"flex-basis:200px\">\n<figure class=\"wp-block-image size-large is-resized\"><a href=\"https:\/\/vammencamping.dk\/de\/wanderung-9-fastrup-karte\/\"><img loading=\"lazy\" decoding=\"async\" width=\"1200\" height=\"1200\" src=\"https:\/\/vammencamping.dk\/wp-content\/uploads\/2025\/07\/hiking_9_icon-2-1200x1200.png\" alt=\"\" class=\"wp-image-10158\" style=\"width:200px\" srcset=\"https:\/\/vammencamping.dk\/wp-content\/uploads\/2025\/07\/hiking_9_icon-2-1200x1200.png 1200w, https:\/\/vammencamping.dk\/wp-content\/uploads\/2025\/07\/hiking_9_icon-2-744x744.png 744w, https:\/\/vammencamping.dk\/wp-content\/uploads\/2025\/07\/hiking_9_icon-2-420x420.png 420w, https:\/\/vammencamping.dk\/wp-content\/uploads\/2025\/07\/hiking_9_icon-2-768x768.png 768w, https:\/\/vammencamping.dk\/wp-content\/uploads\/2025\/07\/hiking_9_icon-2-1536x1536.png 1536w, https:\/\/vammencamping.dk\/wp-content\/uploads\/2025\/07\/hiking_9_icon-2-2048x2048.png 2048w, https:\/\/vammencamping.dk\/wp-content\/uploads\/2025\/07\/hiking_9_icon-2.png 512w\" sizes=\"auto, (max-width: 1200px) 100vw, 1200px\" \/><\/a><\/figure>\n<\/div>\n\n\n\n<div class=\"wp-block-column is-vertically-aligned-center is-layout-flow wp-block-column-is-layout-flow\" style=\"flex-basis:500px\">\n<h3 class=\"wp-block-heading\"><strong><a href=\"https:\/\/vammencamping.dk\/de\/wanderung-9-fastrup-karte\/\" data-type=\"page\" data-id=\"9705\">Wanderung 9 &#8211; Fastrup (Karte)<\/a><\/strong><\/h3>\n\n\n\n<p>Mach eine abwechslungsreiche Wanderung in Richtung Fastrup mit gro\u00dfartiger Aussicht auf den Tjele Langs\u00f8 und einem Ausflug auf die Br\u00fccke \u00fcber den See. Die Route bietet Naturerlebnisse, Ausblicke auf Kultureinrichtungen und ruhige Schotterstra\u00dfen durch die offene Landschaft um Vammen. <\/p>\n\n\n\n<p>L\u00e4nge: <strong>11,1\u2009km<\/strong><\/p>\n<\/div>\n<\/div>\n\n\n\n<div class=\"wp-block-columns is-layout-flex wp-container-core-columns-is-layout-9d6595d7 wp-block-columns-is-layout-flex\">\n<div class=\"wp-block-column is-vertically-aligned-center is-layout-flow wp-block-column-is-layout-flow\" style=\"flex-basis:45px\"><div class=\"wp-block-image\">\n<figure class=\"alignleft size-large is-resized\"><img loading=\"lazy\" decoding=\"async\" width=\"1200\" height=\"1733\" src=\"https:\/\/vammencamping.dk\/wp-content\/uploads\/2025\/07\/hiking_man-1200x1733.png\" alt=\"\" class=\"wp-image-9765\" style=\"width:45px\" srcset=\"https:\/\/vammencamping.dk\/wp-content\/uploads\/2025\/07\/hiking_man-1200x1733.png 1200w, https:\/\/vammencamping.dk\/wp-content\/uploads\/2025\/07\/hiking_man-744x1074.png 744w, https:\/\/vammencamping.dk\/wp-content\/uploads\/2025\/07\/hiking_man-420x606.png 420w, https:\/\/vammencamping.dk\/wp-content\/uploads\/2025\/07\/hiking_man-768x1109.png 768w, https:\/\/vammencamping.dk\/wp-content\/uploads\/2025\/07\/hiking_man.png 117w\" sizes=\"auto, (max-width: 1200px) 100vw, 1200px\" \/><\/figure>\n<\/div><\/div>\n\n\n\n<div class=\"wp-block-column is-vertically-aligned-center is-layout-flow wp-block-column-is-layout-flow\" style=\"flex-basis:45px\">\n<figure class=\"wp-block-image size-large is-resized\"><a href=\"https:\/\/vammencamping.dk\/de\/wanderung-10-fastrup-lang\/\"><img loading=\"lazy\" decoding=\"async\" width=\"1200\" height=\"1200\" src=\"https:\/\/vammencamping.dk\/wp-content\/uploads\/2025\/07\/hiking_10-1200x1200.png\" alt=\"\" class=\"wp-image-9814\" style=\"width:45px\" srcset=\"https:\/\/vammencamping.dk\/wp-content\/uploads\/2025\/07\/hiking_10-1200x1200.png 1200w, https:\/\/vammencamping.dk\/wp-content\/uploads\/2025\/07\/hiking_10-744x744.png 744w, https:\/\/vammencamping.dk\/wp-content\/uploads\/2025\/07\/hiking_10-420x420.png 420w, https:\/\/vammencamping.dk\/wp-content\/uploads\/2025\/07\/hiking_10-768x768.png 768w, https:\/\/vammencamping.dk\/wp-content\/uploads\/2025\/07\/hiking_10-1536x1536.png 1536w, https:\/\/vammencamping.dk\/wp-content\/uploads\/2025\/07\/hiking_10-2048x2048.png 2048w, https:\/\/vammencamping.dk\/wp-content\/uploads\/2025\/07\/hiking_10.png 45w\" sizes=\"auto, (max-width: 1200px) 100vw, 1200px\" \/><\/a><\/figure>\n<\/div>\n\n\n\n<div class=\"wp-block-column is-layout-flow wp-block-column-is-layout-flow\" style=\"flex-basis:200px\">\n<figure class=\"wp-block-image size-large is-resized\"><a href=\"https:\/\/vammencamping.dk\/de\/wanderung-10-fastrup-lang\/\"><img loading=\"lazy\" decoding=\"async\" width=\"1200\" height=\"1200\" src=\"https:\/\/vammencamping.dk\/wp-content\/uploads\/2025\/07\/hiking_10_icon-2-1200x1200.png\" alt=\"\" class=\"wp-image-10162\" style=\"width:200px\" srcset=\"https:\/\/vammencamping.dk\/wp-content\/uploads\/2025\/07\/hiking_10_icon-2-1200x1200.png 1200w, https:\/\/vammencamping.dk\/wp-content\/uploads\/2025\/07\/hiking_10_icon-2-744x744.png 744w, https:\/\/vammencamping.dk\/wp-content\/uploads\/2025\/07\/hiking_10_icon-2-420x420.png 420w, https:\/\/vammencamping.dk\/wp-content\/uploads\/2025\/07\/hiking_10_icon-2-768x768.png 768w, https:\/\/vammencamping.dk\/wp-content\/uploads\/2025\/07\/hiking_10_icon-2-1536x1536.png 1536w, https:\/\/vammencamping.dk\/wp-content\/uploads\/2025\/07\/hiking_10_icon-2-2048x2048.png 2048w, https:\/\/vammencamping.dk\/wp-content\/uploads\/2025\/07\/hiking_10_icon-2.png 512w\" sizes=\"auto, (max-width: 1200px) 100vw, 1200px\" \/><\/a><\/figure>\n<\/div>\n\n\n\n<div class=\"wp-block-column is-vertically-aligned-center is-layout-flow wp-block-column-is-layout-flow\" style=\"flex-basis:500px\">\n<h3 class=\"wp-block-heading\"><strong><a href=\"https:\/\/vammencamping.dk\/de\/wanderung-10-fastrup-lang\/\">Wanderung 10 &#8211; Fastrup (lang)<\/a><\/strong><\/h3>\n\n\n\n<p>Erlebe eine l\u00e4ngere Wanderung durch die offene Landschaft in Richtung Fastrup mit herrlichem Blick auf Tjele Langs\u00f8 und einem Ausflug auf die Seebr\u00fccke. Die Route f\u00fchrt dich \u00fcber ruhige Feldwege, vorbei an kleinen lokalen Sehensw\u00fcrdigkeiten und \u00fcber kurvenreiche Schotterstra\u00dfen und l\u00e4ndliche Wege zur\u00fcck nach Vammen. <\/p>\n\n\n\n<p>L\u00e4nge: <strong>13,3\u2009km<\/strong><\/p>\n<\/div>\n<\/div>\n\n\n\n<div class=\"wp-block-columns is-layout-flex wp-container-core-columns-is-layout-9d6595d7 wp-block-columns-is-layout-flex\">\n<div class=\"wp-block-column is-vertically-aligned-center is-layout-flow wp-block-column-is-layout-flow\" style=\"flex-basis:45px\"><div class=\"wp-block-image\">\n<figure class=\"alignleft size-large is-resized\"><img loading=\"lazy\" decoding=\"async\" width=\"1200\" height=\"1733\" src=\"https:\/\/vammencamping.dk\/wp-content\/uploads\/2025\/07\/hiking_man-1200x1733.png\" alt=\"\" class=\"wp-image-9765\" style=\"width:45px\" srcset=\"https:\/\/vammencamping.dk\/wp-content\/uploads\/2025\/07\/hiking_man-1200x1733.png 1200w, https:\/\/vammencamping.dk\/wp-content\/uploads\/2025\/07\/hiking_man-744x1074.png 744w, https:\/\/vammencamping.dk\/wp-content\/uploads\/2025\/07\/hiking_man-420x606.png 420w, https:\/\/vammencamping.dk\/wp-content\/uploads\/2025\/07\/hiking_man-768x1109.png 768w, https:\/\/vammencamping.dk\/wp-content\/uploads\/2025\/07\/hiking_man.png 117w\" sizes=\"auto, (max-width: 1200px) 100vw, 1200px\" \/><\/figure>\n<\/div><\/div>\n\n\n\n<div class=\"wp-block-column is-vertically-aligned-center is-layout-flow wp-block-column-is-layout-flow\" style=\"flex-basis:45px\">\n<figure class=\"wp-block-image size-large is-resized\"><a href=\"https:\/\/vammencamping.dk\/de\/wanderung-11-uglhoej-und-tinghoeje\/\"><img loading=\"lazy\" decoding=\"async\" width=\"1200\" height=\"1200\" src=\"https:\/\/vammencamping.dk\/wp-content\/uploads\/2025\/07\/hiking_11-1200x1200.png\" alt=\"\" class=\"wp-image-9818\" style=\"width:45px\" srcset=\"https:\/\/vammencamping.dk\/wp-content\/uploads\/2025\/07\/hiking_11-1200x1200.png 1200w, https:\/\/vammencamping.dk\/wp-content\/uploads\/2025\/07\/hiking_11-744x744.png 744w, https:\/\/vammencamping.dk\/wp-content\/uploads\/2025\/07\/hiking_11-420x420.png 420w, https:\/\/vammencamping.dk\/wp-content\/uploads\/2025\/07\/hiking_11-768x768.png 768w, https:\/\/vammencamping.dk\/wp-content\/uploads\/2025\/07\/hiking_11-1536x1536.png 1536w, https:\/\/vammencamping.dk\/wp-content\/uploads\/2025\/07\/hiking_11-2048x2048.png 2048w, https:\/\/vammencamping.dk\/wp-content\/uploads\/2025\/07\/hiking_11.png 142w\" sizes=\"auto, (max-width: 1200px) 100vw, 1200px\" \/><\/a><\/figure>\n<\/div>\n\n\n\n<div class=\"wp-block-column is-layout-flow wp-block-column-is-layout-flow\" style=\"flex-basis:200px\">\n<figure class=\"wp-block-image size-large is-resized\"><a href=\"https:\/\/vammencamping.dk\/de\/wanderung-11-uglhoej-und-tinghoeje\/\"><img loading=\"lazy\" decoding=\"async\" width=\"1200\" height=\"1200\" src=\"https:\/\/vammencamping.dk\/wp-content\/uploads\/2025\/07\/hiking_11_icon-2-1200x1200.png\" alt=\"\" class=\"wp-image-10166\" style=\"width:200px\" srcset=\"https:\/\/vammencamping.dk\/wp-content\/uploads\/2025\/07\/hiking_11_icon-2-1200x1200.png 1200w, https:\/\/vammencamping.dk\/wp-content\/uploads\/2025\/07\/hiking_11_icon-2-744x744.png 744w, https:\/\/vammencamping.dk\/wp-content\/uploads\/2025\/07\/hiking_11_icon-2-420x420.png 420w, https:\/\/vammencamping.dk\/wp-content\/uploads\/2025\/07\/hiking_11_icon-2-768x768.png 768w, https:\/\/vammencamping.dk\/wp-content\/uploads\/2025\/07\/hiking_11_icon-2-1536x1536.png 1536w, https:\/\/vammencamping.dk\/wp-content\/uploads\/2025\/07\/hiking_11_icon-2-2048x2048.png 2048w, https:\/\/vammencamping.dk\/wp-content\/uploads\/2025\/07\/hiking_11_icon-2.png 512w\" sizes=\"auto, (max-width: 1200px) 100vw, 1200px\" \/><\/a><\/figure>\n<\/div>\n\n\n\n<div class=\"wp-block-column is-vertically-aligned-center is-layout-flow wp-block-column-is-layout-flow\" style=\"flex-basis:500px\">\n<h3 class=\"wp-block-heading\"><strong><a href=\"https:\/\/vammencamping.dk\/de\/wanderung-11-uglhoej-und-tinghoeje\/\">Wanderung 11 &#8211; Uglh\u00f8j und Tingh\u00f8je<\/a><\/strong><\/h3>\n\n\n\n<p>Mach dich auf zu einer historische Wanderung mit Blick auf beeindruckende Ganggr\u00e4ber und Aussicht auf das Tjele \u00c5dal von den markanten Grabh\u00fcgeln in Tingh\u00f8je aus. Die Route bietet sowohl alte Denkm\u00e4ler als auch malerische Panoramen &#8211; mit Spuren der Vergangenheit und moderner Forschung am Horizont. <\/p>\n\n\n\n<p>L\u00e4nge: <strong>11,2\u2009km<\/strong><\/p>\n<\/div>\n<\/div>\n","protected":false},"excerpt":{"rendered":"<p>Nimm eine der sch\u00f6nen Wanderrouten in und um Vammen und entdecke sowohl die j\u00fcngere Geschichte als auch alte Monumente aus der Steinzeit. Wanderung 1 &#8211; Erholungsgebiet Die abwechslungsreiche Route f\u00fchrt durch Vammen und weiter hinaus in die alte Wiesen- und Eiszeitlandschaft, vorbei an der Kirche von Vammen, einer eiszeitlichen Schlucht und der reichen Natur rund &#8230; <a class=\"read-more\" href=\"https:\/\/vammencamping.dk\/de\/wanderrouten\/\">Read more&#8230;<\/a><\/p>\n","protected":false},"author":7,"featured_media":0,"parent":0,"menu_order":0,"comment_status":"closed","ping_status":"closed","template":"","meta":{"footnotes":""},"class_list":["post-10326","page","type-page","status-publish"],"featured_image_src":null,"_links":{"self":[{"href":"https:\/\/vammencamping.dk\/de\/wp-json\/wp\/v2\/pages\/10326","targetHints":{"allow":["GET"]}}],"collection":[{"href":"https:\/\/vammencamping.dk\/de\/wp-json\/wp\/v2\/pages"}],"about":[{"href":"https:\/\/vammencamping.dk\/de\/wp-json\/wp\/v2\/types\/page"}],"author":[{"embeddable":true,"href":"https:\/\/vammencamping.dk\/de\/wp-json\/wp\/v2\/users\/7"}],"replies":[{"embeddable":true,"href":"https:\/\/vammencamping.dk\/de\/wp-json\/wp\/v2\/comments?post=10326"}],"version-history":[{"count":4,"href":"https:\/\/vammencamping.dk\/de\/wp-json\/wp\/v2\/pages\/10326\/revisions"}],"predecessor-version":[{"id":10739,"href":"https:\/\/vammencamping.dk\/de\/wp-json\/wp\/v2\/pages\/10326\/revisions\/10739"}],"wp:attachment":[{"href":"https:\/\/vammencamping.dk\/de\/wp-json\/wp\/v2\/media?parent=10326"}],"curies":[{"name":"wp","href":"https:\/\/api.w.org\/{rel}","templated":true}]}}